{"id":25632,"date":"2018-03-10T09:00:22","date_gmt":"2018-03-10T09:00:22","guid":{"rendered":"https:\/\/test.cardiacinstitute.bg\/?post_type=employees&#038;p=25632"},"modified":"2025-02-04T10:51:26","modified_gmt":"2025-02-04T10:51:26","slug":"valentin-milev","status":"publish","type":"employees","link":"https:\/\/test.cardiacinstitute.bg\/ro\/team\/valentin-milev\/","title":{"rendered":"Valentin Milev, MD"},"content":{"rendered":"<p><strong>Valentin Milev, MD<\/strong> a absolvit Universitatea de Medicin\u0103 &#8222;Prof. Dr. Paraskev Stoyanov&#8221; din Sofia. \u00cen 1995 \u0219i-a sus\u021binut specialitatea \u00een anestezie \u0219i reanimare la Universitatea de Medicin\u0103 din Varna, \u00een Varna. \u0218i-a sus\u021binut doctoratul \u00een medicin\u0103. Managementul s\u0103n\u0103t\u0103\u021bii sus\u021binut \u00een 2017. De-a lungul anilor \u0219i-a f\u0103cut specializ\u0103rile \u00een spitalul COSTA MESSA California SUA (2005), anestezie \u00een chirurgie cardiac\u0103 \u00een spitalul CASA DI CURA SANTA MARIA Bari Italia (2008), COMPIEN Fran\u021ba (2012), anestezie regional\u0103 \u00een spitalele ORIAC \u0219i BERGERAC Fran\u021ba (2018). \u0218i-a \u00eenceput practica profesional\u0103 ca \u0219ef de sta\u021bie medical\u0103 sub 22840 \u00een 1991, iar \u00een 1993 a lucrat ca rezident clinic la CARIL MMA-Sofia. Din 1995 este rezident medical la OAIM IMB Varna. Parcursul s\u0103u profesional a continuat \u00een 2001, c\u00e2nd Dr. Milev a fost \u0219eful departamentului de anesteziologie \u0219i medicin\u0103 intensiv\u0103 al Spitalului Varna al MMA Sofia. Are experien\u021b\u0103 \u00een studii clinice \u0219i numeroase publica\u021bii.<\/p>\n<p>Vorbe\u0219te fluent engleza, franceza \u0219i rusa.<\/p>\n<p>\u00cen prezent, Dr. Valentin Milev este \u0219eful sec\u021biei de resuscitare general\u0103 la &#8216;Heart and Brain&#8217; Burgas.<\/p>\n","protected":false},"featured_media":20059,"menu_order":59,"template":"","employees_category":[227,221],"class_list":["post-25632","employees","type-employees","status-publish","has-post-thumbnail","hentry","employees_category-hb-burgas-anesthesiology-ro","employees_category-hb-center-of-excellence-burgas-ro"],"acf":[],"doctor":{"position":"anestezist-resuscitator","about":"","email":"v.milev.bs@heartandbrain.bg","social":{},"has_single_page":true,"layout_style":"style2","header_hero":{"image":"","color":"#636667","skin":"light"}},"photo":{"thumbnail":"https:\/\/test.cardiacinstitute.bg\/wp-content\/uploads\/2022\/02\/dr-valentin-milev-150x150.jpg","medium":"https:\/\/test.cardiacinstitute.bg\/wp-content\/uploads\/2022\/02\/dr-valentin-milev-300x300.jpg","large":"https:\/\/test.cardiacinstitute.bg\/wp-content\/uploads\/2022\/02\/dr-valentin-milev.jpg","full":"https:\/\/test.cardiacinstitute.bg\/wp-content\/uploads\/2022\/02\/dr-valentin-milev.jpg","alt":""},"departments":[{"id":227,"name":"HB Burgas Anesthesiology RO","slug":"hb-burgas-anesthesiology-ro"},{"id":221,"name":"HB Center of Excellence Burgas RO","slug":"hb-center-of-excellence-burgas-ro"}],"_links":{"self":[{"href":"https:\/\/test.cardiacinstitute.bg\/ro\/wp-json\/wp\/v2\/employees\/25632","targetHints":{"allow":["GET"]}}],"collection":[{"href":"https:\/\/test.cardiacinstitute.bg\/ro\/wp-json\/wp\/v2\/employees"}],"about":[{"href":"https:\/\/test.cardiacinstitute.bg\/ro\/wp-json\/wp\/v2\/types\/employees"}],"version-history":[{"count":4,"href":"https:\/\/test.cardiacinstitute.bg\/ro\/wp-json\/wp\/v2\/employees\/25632\/revisions"}],"predecessor-version":[{"id":33608,"href":"https:\/\/test.cardiacinstitute.bg\/ro\/wp-json\/wp\/v2\/employees\/25632\/revisions\/33608"}],"wp:featuredmedia":[{"embeddable":true,"href":"https:\/\/test.cardiacinstitute.bg\/ro\/wp-json\/wp\/v2\/media\/20059"}],"wp:attachment":[{"href":"https:\/\/test.cardiacinstitute.bg\/ro\/wp-json\/wp\/v2\/media?parent=25632"}],"wp:term":[{"taxonomy":"employees_category","embeddable":true,"href":"https:\/\/test.cardiacinstitute.bg\/ro\/wp-json\/wp\/v2\/employees_category?post=25632"}],"curies":[{"name":"wp","href":"https:\/\/api.w.org\/{rel}","templated":true}]}}